{"id":937,"date":"2019-08-15T09:19:55","date_gmt":"2019-08-15T07:19:55","guid":{"rendered":"http:\/\/cameratamazovia.pl\/?page_id=937"},"modified":"2023-06-13T11:24:09","modified_gmt":"2023-06-13T09:24:09","slug":"pisali-o-nas","status":"publish","type":"page","link":"https:\/\/cameratamazovia.pl\/?page_id=937","title":{"rendered":"Pisali o nas"},"content":{"rendered":"\t\t<div data-elementor-type=\"wp-post\" data-elementor-id=\"937\" class=\"elementor elementor-937\">\n\t\t\t\t\t\t<section class=\"elementor-section elementor-top-section elementor-element elementor-element-8622bd1 elementor-section-boxed elementor-section-height-default elementor-section-height-default\" data-id=\"8622bd1\" data-element_type=\"section\" data-e-type=\"section\">\n\t\t\t\t\t\t<div class=\"elementor-container elementor-column-gap-default\">\n\t\t\t\t\t<div class=\"elementor-column elementor-col-100 elementor-top-column elementor-element elementor-element-6f7c4f6\" data-id=\"6f7c4f6\" data-element_type=\"column\" data-e-type=\"column\">\n\t\t\t<div class=\"elementor-widget-wrap elementor-element-populated\">\n\t\t\t\t\t\t<div class=\"elementor-element elementor-element-785bfb7 elementor-position-top elementor-widget elementor-widget-image-box\" data-id=\"785bfb7\" data-element_type=\"widget\" data-e-type=\"widget\" data-widget_type=\"image-box.default\">\n\t\t\t\t<div class=\"elementor-widget-container\">\n\t\t\t\t\t<div class=\"elementor-image-box-wrapper\"><figure class=\"elementor-image-box-img\"><a href=\"http:\/\/cameratamazovia.pl\/?p=942\" tabindex=\"-1\"><img fetchpriority=\"high\" decoding=\"async\" width=\"400\" height=\"300\" src=\"https:\/\/cameratamazovia.pl\/wp-content\/uploads\/2019\/08\/ZS_42_2004-400x300.jpg\" class=\"elementor-animation-bounce-in attachment-agama-blog-small size-agama-blog-small wp-image-939\" alt=\"\" \/><\/a><\/figure><div class=\"elementor-image-box-content\"><h3 class=\"elementor-image-box-title\"><a href=\"http:\/\/cameratamazovia.pl\/?p=942\">Rok 2004 - pierwsze wzmianki o Cameracie<\/a><\/h3><p class=\"elementor-image-box-description\">Artur Komorowski przej\u0105\u0142 dyrekcj\u0119 nad orkiestr\u0105 dzia\u0142aj\u0105c\u0105 przy klubie nauczyciela. Tak rozpocz\u0119\u0142a si\u0119 pi\u0119kna historia.<\/p><\/div><\/div>\t\t\t\t<\/div>\n\t\t\t\t<\/div>\n\t\t\t\t\t<\/div>\n\t\t<\/div>\n\t\t\t\t\t<\/div>\n\t\t<\/section>\n\t\t\t\t<section class=\"elementor-section elementor-top-section elementor-element elementor-element-de4eaab elementor-section-boxed elementor-section-height-default elementor-section-height-default\" data-id=\"de4eaab\" data-element_type=\"section\" data-e-type=\"section\">\n\t\t\t\t\t\t<div class=\"elementor-container elementor-column-gap-default\">\n\t\t\t\t\t<div class=\"elementor-column elementor-col-100 elementor-top-column elementor-element elementor-element-152ff38\" data-id=\"152ff38\" data-element_type=\"column\" data-e-type=\"column\">\n\t\t\t<div class=\"elementor-widget-wrap elementor-element-populated\">\n\t\t\t\t\t\t<div class=\"elementor-element elementor-element-64ba92a elementor-position-top elementor-widget elementor-widget-image-box\" data-id=\"64ba92a\" data-element_type=\"widget\" data-e-type=\"widget\" data-widget_type=\"image-box.default\">\n\t\t\t\t<div class=\"elementor-widget-container\">\n\t\t\t\t\t<div class=\"elementor-image-box-wrapper\"><figure class=\"elementor-image-box-img\"><a href=\"http:\/\/cameratamazovia.pl\/?p=944\" tabindex=\"-1\"><img decoding=\"async\" width=\"400\" height=\"300\" src=\"https:\/\/cameratamazovia.pl\/wp-content\/uploads\/2019\/08\/ZS_05_2005-400x300.jpg\" class=\"elementor-animation-bounce-in attachment-agama-blog-small size-agama-blog-small wp-image-945\" alt=\"\" \/><\/a><\/figure><div class=\"elementor-image-box-content\"><h3 class=\"elementor-image-box-title\"><a href=\"http:\/\/cameratamazovia.pl\/?p=944\">Rok 2005 - Karnawa\u0142owo, noworocznie<\/a><\/h3><p class=\"elementor-image-box-description\">Ju\u017c w nast\u0119pnym roku Camerata Mazowia zacz\u0119\u0142a zbiera\u0107 ciep\u0142e recenzje.<\/p><\/div><\/div>\t\t\t\t<\/div>\n\t\t\t\t<\/div>\n\t\t\t\t\t<\/div>\n\t\t<\/div>\n\t\t\t\t\t<\/div>\n\t\t<\/section>\n\t\t\t\t<section class=\"elementor-section elementor-top-section elementor-element elementor-element-c2f2308 elementor-section-boxed elementor-section-height-default elementor-section-height-default\" data-id=\"c2f2308\" data-element_type=\"section\" data-e-type=\"section\">\n\t\t\t\t\t\t<div class=\"elementor-container elementor-column-gap-default\">\n\t\t\t\t\t<div class=\"elementor-column elementor-col-100 elementor-top-column elementor-element elementor-element-9eaf6b3\" data-id=\"9eaf6b3\" data-element_type=\"column\" data-e-type=\"column\">\n\t\t\t<div class=\"elementor-widget-wrap elementor-element-populated\">\n\t\t\t\t\t\t<div class=\"elementor-element elementor-element-0d0de33 elementor-position-top elementor-widget elementor-widget-image-box\" data-id=\"0d0de33\" data-element_type=\"widget\" data-e-type=\"widget\" data-widget_type=\"image-box.default\">\n\t\t\t\t<div class=\"elementor-widget-container\">\n\t\t\t\t\t<div class=\"elementor-image-box-wrapper\"><figure class=\"elementor-image-box-img\"><a href=\"http:\/\/cameratamazovia.pl\/?p=948\" tabindex=\"-1\"><img decoding=\"async\" width=\"400\" height=\"300\" src=\"https:\/\/cameratamazovia.pl\/wp-content\/uploads\/2019\/08\/ZS_43_2005-400x300.jpg\" class=\"elementor-animation-bounce-in attachment-agama-blog-small size-agama-blog-small wp-image-947\" alt=\"\" \/><\/a><\/figure><div class=\"elementor-image-box-content\"><h3 class=\"elementor-image-box-title\"><a href=\"http:\/\/cameratamazovia.pl\/?p=948\">Rok 2005 - dla ZNP<\/a><\/h3><p class=\"elementor-image-box-description\">R\u00f3\u017cne instytucje zacz\u0119\u0142y zabiega\u0107, by wyst\u0119p Cameraty Mazovi u\u015bwietnia\u0142 organizowane przez nie uroczysto\u015bci.<\/p><\/div><\/div>\t\t\t\t<\/div>\n\t\t\t\t<\/div>\n\t\t\t\t\t<\/div>\n\t\t<\/div>\n\t\t\t\t\t<\/div>\n\t\t<\/section>\n\t\t\t\t<section class=\"elementor-section elementor-top-section elementor-element elementor-element-2aaee73 elementor-section-boxed elementor-section-height-default elementor-section-height-default\" data-id=\"2aaee73\" data-element_type=\"section\" data-e-type=\"section\">\n\t\t\t\t\t\t<div class=\"elementor-container elementor-column-gap-default\">\n\t\t\t\t\t<div class=\"elementor-column elementor-col-100 elementor-top-column elementor-element elementor-element-406129e\" data-id=\"406129e\" data-element_type=\"column\" data-e-type=\"column\">\n\t\t\t<div class=\"elementor-widget-wrap elementor-element-populated\">\n\t\t\t\t\t\t<div class=\"elementor-element elementor-element-a827448 elementor-position-top elementor-widget elementor-widget-image-box\" data-id=\"a827448\" data-element_type=\"widget\" data-e-type=\"widget\" data-widget_type=\"image-box.default\">\n\t\t\t\t<div class=\"elementor-widget-container\">\n\t\t\t\t\t<div class=\"elementor-image-box-wrapper\"><figure class=\"elementor-image-box-img\"><a href=\"http:\/\/cameratamazovia.pl\/?p=951\" tabindex=\"-1\"><img loading=\"lazy\" decoding=\"async\" width=\"400\" height=\"300\" src=\"https:\/\/cameratamazovia.pl\/wp-content\/uploads\/2019\/08\/ZS_3_2006-400x300.jpg\" class=\"elementor-animation-bounce-in attachment-agama-blog-small size-agama-blog-small wp-image-950\" alt=\"\" \/><\/a><\/figure><div class=\"elementor-image-box-content\"><h3 class=\"elementor-image-box-title\"><a href=\"http:\/\/cameratamazovia.pl\/?p=951\">Rok 2006 - kolejny koncert karnawa\u0142owy<\/a><\/h3><p class=\"elementor-image-box-description\">Koncert noworoczny w 2005 roku spotka\u0142 si\u0119 z ciep\u0142ym przyj\u0119ciem publiczno\u015bci. Wydarzenie warto powt\u00f3rzy\u0107.<\/p><\/div><\/div>\t\t\t\t<\/div>\n\t\t\t\t<\/div>\n\t\t\t\t\t<\/div>\n\t\t<\/div>\n\t\t\t\t\t<\/div>\n\t\t<\/section>\n\t\t\t\t<section class=\"elementor-section elementor-top-section elementor-element elementor-element-717a89a elementor-section-boxed elementor-section-height-default elementor-section-height-default\" data-id=\"717a89a\" data-element_type=\"section\" data-e-type=\"section\">\n\t\t\t\t\t\t<div class=\"elementor-container elementor-column-gap-default\">\n\t\t\t\t\t<div class=\"elementor-column elementor-col-100 elementor-top-column elementor-element elementor-element-a3058c8\" data-id=\"a3058c8\" data-element_type=\"column\" data-e-type=\"column\">\n\t\t\t<div class=\"elementor-widget-wrap elementor-element-populated\">\n\t\t\t\t\t\t<div class=\"elementor-element elementor-element-5572029 elementor-position-top elementor-widget elementor-widget-image-box\" data-id=\"5572029\" data-element_type=\"widget\" data-e-type=\"widget\" data-widget_type=\"image-box.default\">\n\t\t\t\t<div class=\"elementor-widget-container\">\n\t\t\t\t\t<div class=\"elementor-image-box-wrapper\"><figure class=\"elementor-image-box-img\"><a href=\"http:\/\/cameratamazovia.pl\/?p=954\" tabindex=\"-1\"><img loading=\"lazy\" decoding=\"async\" width=\"400\" height=\"300\" src=\"https:\/\/cameratamazovia.pl\/wp-content\/uploads\/2019\/08\/ZS_44_2006-400x300.jpg\" class=\"elementor-animation-bounce-in attachment-agama-blog-small size-agama-blog-small wp-image-953\" alt=\"\" \/><\/a><\/figure><div class=\"elementor-image-box-content\"><h3 class=\"elementor-image-box-title\"><a href=\"http:\/\/cameratamazovia.pl\/?p=954\">Rok 2006 - dwa lata wystarcz\u0105, \u017ceby zbudowa\u0107 mark\u0119<\/a><\/h3><p class=\"elementor-image-box-description\">Orkiestra gra coraz cz\u0119\u015bciej i zdobywa rzesze wiernych fan\u00f3w.<\/p><\/div><\/div>\t\t\t\t<\/div>\n\t\t\t\t<\/div>\n\t\t\t\t\t<\/div>\n\t\t<\/div>\n\t\t\t\t\t<\/div>\n\t\t<\/section>\n\t\t\t\t<section class=\"elementor-section elementor-top-section elementor-element elementor-element-c64450b elementor-section-boxed elementor-section-height-default elementor-section-height-default\" data-id=\"c64450b\" data-element_type=\"section\" data-e-type=\"section\">\n\t\t\t\t\t\t<div class=\"elementor-container elementor-column-gap-default\">\n\t\t\t\t\t<div class=\"elementor-column elementor-col-100 elementor-top-column elementor-element elementor-element-404c762\" data-id=\"404c762\" data-element_type=\"column\" data-e-type=\"column\">\n\t\t\t<div class=\"elementor-widget-wrap elementor-element-populated\">\n\t\t\t\t\t\t<div class=\"elementor-element elementor-element-037d820 elementor-position-top elementor-widget elementor-widget-image-box\" data-id=\"037d820\" data-element_type=\"widget\" data-e-type=\"widget\" data-widget_type=\"image-box.default\">\n\t\t\t\t<div class=\"elementor-widget-container\">\n\t\t\t\t\t<div class=\"elementor-image-box-wrapper\"><figure class=\"elementor-image-box-img\"><a href=\"http:\/\/cameratamazovia.pl\/?p=957\" tabindex=\"-1\"><img loading=\"lazy\" decoding=\"async\" width=\"400\" height=\"300\" src=\"https:\/\/cameratamazovia.pl\/wp-content\/uploads\/2019\/08\/ZS_49_2006-400x300.jpg\" class=\"elementor-animation-bounce-in attachment-agama-blog-small size-agama-blog-small wp-image-956\" alt=\"\" \/><\/a><\/figure><div class=\"elementor-image-box-content\"><h3 class=\"elementor-image-box-title\"><a href=\"http:\/\/cameratamazovia.pl\/?p=957\">Rok 2006 - \u015bwietny koncert z okazji zadumek <\/a><\/h3><p class=\"elementor-image-box-description\">Camerata ch\u0119tnie wsp\u00f3\u0142pracuje z MOK (dzi\u015b SCK). W zadumkach muzycy bior\u0105 udzia\u0142 na zaproszenie Joli Kawczy\u0144skiej.<\/p><\/div><\/div>\t\t\t\t<\/div>\n\t\t\t\t<\/div>\n\t\t\t\t\t<\/div>\n\t\t<\/div>\n\t\t\t\t\t<\/div>\n\t\t<\/section>\n\t\t\t\t<section class=\"elementor-section elementor-top-section elementor-element elementor-element-c12ff2a elementor-section-boxed elementor-section-height-default elementor-section-height-default\" data-id=\"c12ff2a\" data-element_type=\"section\" data-e-type=\"section\">\n\t\t\t\t\t\t<div class=\"elementor-container elementor-column-gap-default\">\n\t\t\t\t\t<div class=\"elementor-column elementor-col-100 elementor-top-column elementor-element elementor-element-d7d5573\" data-id=\"d7d5573\" data-element_type=\"column\" data-e-type=\"column\">\n\t\t\t<div class=\"elementor-widget-wrap elementor-element-populated\">\n\t\t\t\t\t\t<div class=\"elementor-element elementor-element-977b9ec elementor-position-top elementor-widget elementor-widget-image-box\" data-id=\"977b9ec\" data-element_type=\"widget\" data-e-type=\"widget\" data-widget_type=\"image-box.default\">\n\t\t\t\t<div class=\"elementor-widget-container\">\n\t\t\t\t\t<div class=\"elementor-image-box-wrapper\"><figure class=\"elementor-image-box-img\"><a href=\"http:\/\/cameratamazovia.pl\/?p=962\" tabindex=\"-1\"><img loading=\"lazy\" decoding=\"async\" width=\"400\" height=\"300\" src=\"https:\/\/cameratamazovia.pl\/wp-content\/uploads\/2019\/08\/ZS_3_2007-400x300.jpg\" class=\"elementor-animation-bounce-in attachment-agama-blog-small size-agama-blog-small wp-image-959\" alt=\"\" \/><\/a><\/figure><div class=\"elementor-image-box-content\"><h3 class=\"elementor-image-box-title\"><a href=\"http:\/\/cameratamazovia.pl\/?p=962\">Rok 2007 - Orkiestra wpar\u0142a WO\u015aP<\/a><\/h3><p class=\"elementor-image-box-description\">Muzycy pomagaj\u0105 w zbi\u00f3rce, kt\u00f3ra ma nie\u015b\u0107 pomoc chorym dzieciom.<\/p><\/div><\/div>\t\t\t\t<\/div>\n\t\t\t\t<\/div>\n\t\t\t\t\t<\/div>\n\t\t<\/div>\n\t\t\t\t\t<\/div>\n\t\t<\/section>\n\t\t\t\t<section class=\"elementor-section elementor-top-section elementor-element elementor-element-d2f76f0 elementor-section-boxed elementor-section-height-default elementor-section-height-default\" data-id=\"d2f76f0\" data-element_type=\"section\" data-e-type=\"section\">\n\t\t\t\t\t\t<div class=\"elementor-container elementor-column-gap-default\">\n\t\t\t\t\t<div class=\"elementor-column elementor-col-100 elementor-top-column elementor-element elementor-element-fa25175\" data-id=\"fa25175\" data-element_type=\"column\" data-e-type=\"column\">\n\t\t\t<div class=\"elementor-widget-wrap elementor-element-populated\">\n\t\t\t\t\t\t<div class=\"elementor-element elementor-element-65c75e8 elementor-position-top elementor-widget elementor-widget-image-box\" data-id=\"65c75e8\" data-element_type=\"widget\" data-e-type=\"widget\" data-widget_type=\"image-box.default\">\n\t\t\t\t<div class=\"elementor-widget-container\">\n\t\t\t\t\t<div class=\"elementor-image-box-wrapper\"><figure class=\"elementor-image-box-img\"><a href=\"http:\/\/cameratamazovia.pl\/?p=965\" tabindex=\"-1\"><img loading=\"lazy\" decoding=\"async\" width=\"400\" height=\"300\" src=\"https:\/\/cameratamazovia.pl\/wp-content\/uploads\/2019\/08\/ZS_8_2007-400x300.jpg\" class=\"elementor-animation-bounce-in attachment-agama-blog-small size-agama-blog-small wp-image-964\" alt=\"\" \/><\/a><\/figure><div class=\"elementor-image-box-content\"><h3 class=\"elementor-image-box-title\"><a href=\"http:\/\/cameratamazovia.pl\/?p=965\">Rok 2007 - koncert karnawa\u0142owy staje si\u0119 tradytcj\u0105<\/a><\/h3><p class=\"elementor-image-box-description\">Kolejna ods\u0142ona koncertu karnawa\u0142owego i koleny sukces.<\/p><\/div><\/div>\t\t\t\t<\/div>\n\t\t\t\t<\/div>\n\t\t\t\t\t<\/div>\n\t\t<\/div>\n\t\t\t\t\t<\/div>\n\t\t<\/section>\n\t\t\t\t<section class=\"elementor-section elementor-top-section elementor-element elementor-element-bf57c01 elementor-section-boxed elementor-section-height-default elementor-section-height-default\" data-id=\"bf57c01\" data-element_type=\"section\" data-e-type=\"section\">\n\t\t\t\t\t\t<div class=\"elementor-container elementor-column-gap-default\">\n\t\t\t\t\t<div class=\"elementor-column elementor-col-100 elementor-top-column elementor-element elementor-element-e8725ab\" data-id=\"e8725ab\" data-element_type=\"column\" data-e-type=\"column\">\n\t\t\t<div class=\"elementor-widget-wrap elementor-element-populated\">\n\t\t\t\t\t\t<div class=\"elementor-element elementor-element-c12b40b elementor-position-top elementor-widget elementor-widget-image-box\" data-id=\"c12b40b\" data-element_type=\"widget\" data-e-type=\"widget\" data-widget_type=\"image-box.default\">\n\t\t\t\t<div class=\"elementor-widget-container\">\n\t\t\t\t\t<div class=\"elementor-image-box-wrapper\"><figure class=\"elementor-image-box-img\"><a href=\"http:\/\/cameratamazovia.pl\/?p=969\" tabindex=\"-1\"><img loading=\"lazy\" decoding=\"async\" width=\"400\" height=\"300\" src=\"https:\/\/cameratamazovia.pl\/wp-content\/uploads\/2019\/08\/ZS_42_2007-400x300.jpg\" class=\"elementor-animation-bounce-in attachment-agama-blog-small size-agama-blog-small wp-image-968\" alt=\"\" \/><\/a><\/figure><div class=\"elementor-image-box-content\"><h3 class=\"elementor-image-box-title\"><a href=\"http:\/\/cameratamazovia.pl\/?p=969\">Rok 2007 - orkiestra daje coraz wi\u0119cej koncert\u00f3w<\/a><\/h3><p class=\"elementor-image-box-description\">Po koncercie karnawa\u0142owym Camerata zaprezentowa\u0142a si\u0119 w jesiennej ods\u0142onie.<\/p><\/div><\/div>\t\t\t\t<\/div>\n\t\t\t\t<\/div>\n\t\t\t\t\t<\/div>\n\t\t<\/div>\n\t\t\t\t\t<\/div>\n\t\t<\/section>\n\t\t\t\t<section class=\"elementor-section elementor-top-section elementor-element elementor-element-8921aa0 elementor-section-boxed elementor-section-height-default elementor-section-height-default\" data-id=\"8921aa0\" data-element_type=\"section\" data-e-type=\"section\">\n\t\t\t\t\t\t<div class=\"elementor-container elementor-column-gap-default\">\n\t\t\t\t\t<div class=\"elementor-column elementor-col-100 elementor-top-column elementor-element elementor-element-68090f3\" data-id=\"68090f3\" data-element_type=\"column\" data-e-type=\"column\">\n\t\t\t<div class=\"elementor-widget-wrap elementor-element-populated\">\n\t\t\t\t\t\t<div class=\"elementor-element elementor-element-6453ef9 elementor-position-top elementor-widget elementor-widget-image-box\" data-id=\"6453ef9\" data-element_type=\"widget\" data-e-type=\"widget\" data-widget_type=\"image-box.default\">\n\t\t\t\t<div class=\"elementor-widget-container\">\n\t\t\t\t\t<div class=\"elementor-image-box-wrapper\"><figure class=\"elementor-image-box-img\"><a href=\"http:\/\/cameratamazovia.pl\/?p=973\" tabindex=\"-1\"><img loading=\"lazy\" decoding=\"async\" width=\"400\" height=\"300\" src=\"https:\/\/cameratamazovia.pl\/wp-content\/uploads\/2019\/08\/ZS_49_2008-400x300.jpg\" class=\"elementor-animation-bounce-in attachment-agama-blog-small size-agama-blog-small wp-image-971\" alt=\"\" \/><\/a><\/figure><div class=\"elementor-image-box-content\"><h3 class=\"elementor-image-box-title\"><a href=\"http:\/\/cameratamazovia.pl\/?p=973\">Rok 2008 - po raz kolejny jesieni\u0105<\/a><\/h3><p class=\"elementor-image-box-description\">R\u00f3wnie\u017c jesienne koncerty zyskuj\u0105 coraz wi\u0119ksze powodzenie<\/p><\/div><\/div>\t\t\t\t<\/div>\n\t\t\t\t<\/div>\n\t\t\t\t\t<\/div>\n\t\t<\/div>\n\t\t\t\t\t<\/div>\n\t\t<\/section>\n\t\t\t\t<section class=\"elementor-section elementor-top-section elementor-element elementor-element-501dbda elementor-section-boxed elementor-section-height-default elementor-section-height-default\" data-id=\"501dbda\" data-element_type=\"section\" data-e-type=\"section\">\n\t\t\t\t\t\t<div class=\"elementor-container elementor-column-gap-default\">\n\t\t\t\t\t<div class=\"elementor-column elementor-col-100 elementor-top-column elementor-element elementor-element-db7e417\" data-id=\"db7e417\" data-element_type=\"column\" data-e-type=\"column\">\n\t\t\t<div class=\"elementor-widget-wrap elementor-element-populated\">\n\t\t\t\t\t\t<div class=\"elementor-element elementor-element-f1b11f3 elementor-position-top elementor-widget elementor-widget-image-box\" data-id=\"f1b11f3\" data-element_type=\"widget\" data-e-type=\"widget\" data-widget_type=\"image-box.default\">\n\t\t\t\t<div class=\"elementor-widget-container\">\n\t\t\t\t\t<div class=\"elementor-image-box-wrapper\"><figure class=\"elementor-image-box-img\"><a href=\"http:\/\/cameratamazovia.pl\/?p=976\" tabindex=\"-1\"><img loading=\"lazy\" decoding=\"async\" width=\"400\" height=\"300\" src=\"https:\/\/cameratamazovia.pl\/wp-content\/uploads\/2019\/08\/ZS_24_2009-400x300.jpg\" class=\"elementor-animation-bounce-in attachment-agama-blog-small size-agama-blog-small wp-image-975\" alt=\"\" \/><\/a><\/figure><div class=\"elementor-image-box-content\"><h3 class=\"elementor-image-box-title\"><a href=\"http:\/\/cameratamazovia.pl\/?p=976\">Rok 2009 - w Dzie\u0144 Kobiet dla Kobiet<\/a><\/h3><p class=\"elementor-image-box-description\">Tym razem koncert z okazji jednego z najpi\u0119kniejszych \u015bwi\u0105t. Tradycyjnie ju\u017c publiczno\u015b\u0107 jest zachwycona.<\/p><\/div><\/div>\t\t\t\t<\/div>\n\t\t\t\t<\/div>\n\t\t\t\t\t<\/div>\n\t\t<\/div>\n\t\t\t\t\t<\/div>\n\t\t<\/section>\n\t\t\t\t<section class=\"elementor-section elementor-top-section elementor-element elementor-element-1bb6725 elementor-section-boxed elementor-section-height-default elementor-section-height-default\" data-id=\"1bb6725\" data-element_type=\"section\" data-e-type=\"section\">\n\t\t\t\t\t\t<div class=\"elementor-container elementor-column-gap-default\">\n\t\t\t\t\t<div class=\"elementor-column elementor-col-100 elementor-top-column elementor-element elementor-element-adc4dff\" data-id=\"adc4dff\" data-element_type=\"column\" data-e-type=\"column\">\n\t\t\t<div class=\"elementor-widget-wrap elementor-element-populated\">\n\t\t\t\t\t\t<div class=\"elementor-element elementor-element-d585565 elementor-position-top elementor-widget elementor-widget-image-box\" data-id=\"d585565\" data-element_type=\"widget\" data-e-type=\"widget\" data-widget_type=\"image-box.default\">\n\t\t\t\t<div class=\"elementor-widget-container\">\n\t\t\t\t\t<div class=\"elementor-image-box-wrapper\"><figure class=\"elementor-image-box-img\"><a href=\"http:\/\/cameratamazovia.pl\/?p=979\" tabindex=\"-1\"><img loading=\"lazy\" decoding=\"async\" width=\"400\" height=\"300\" src=\"https:\/\/cameratamazovia.pl\/wp-content\/uploads\/2019\/08\/ZS_49_2009-400x300.jpg\" class=\"elementor-animation-bounce-in attachment-agama-blog-small size-agama-blog-small wp-image-978\" alt=\"\" \/><\/a><\/figure><div class=\"elementor-image-box-content\"><h3 class=\"elementor-image-box-title\"><a href=\"http:\/\/cameratamazovia.pl\/?p=979\">Rok 2009 - tym razem dla tw\u00f3rc\u00f3w<\/a><\/h3><p class=\"elementor-image-box-description\">\"Prawdziwa uczta dla ducha\" - tak prasa okre\u015bli\u0142a ten koncert.<\/p><\/div><\/div>\t\t\t\t<\/div>\n\t\t\t\t<\/div>\n\t\t\t\t\t<\/div>\n\t\t<\/div>\n\t\t\t\t\t<\/div>\n\t\t<\/section>\n\t\t\t\t<section class=\"elementor-section elementor-top-section elementor-element elementor-element-d285ff2 elementor-section-boxed elementor-section-height-default elementor-section-height-default\" data-id=\"d285ff2\" data-element_type=\"section\" data-e-type=\"section\">\n\t\t\t\t\t\t<div class=\"elementor-container elementor-column-gap-default\">\n\t\t\t\t\t<div class=\"elementor-column elementor-col-100 elementor-top-column elementor-element elementor-element-ebcf02e\" data-id=\"ebcf02e\" data-element_type=\"column\" data-e-type=\"column\">\n\t\t\t<div class=\"elementor-widget-wrap elementor-element-populated\">\n\t\t\t\t\t\t<div class=\"elementor-element elementor-element-27f68ac elementor-position-top elementor-widget elementor-widget-image-box\" data-id=\"27f68ac\" data-element_type=\"widget\" data-e-type=\"widget\" data-widget_type=\"image-box.default\">\n\t\t\t\t<div class=\"elementor-widget-container\">\n\t\t\t\t\t<div class=\"elementor-image-box-wrapper\"><figure class=\"elementor-image-box-img\"><a href=\"http:\/\/cameratamazovia.pl\/?p=982\" tabindex=\"-1\"><img loading=\"lazy\" decoding=\"async\" width=\"400\" height=\"300\" src=\"https:\/\/cameratamazovia.pl\/wp-content\/uploads\/2019\/08\/ZS_1_2010-400x300.jpg\" class=\"elementor-animation-bounce-in attachment-agama-blog-small size-agama-blog-small wp-image-981\" alt=\"\" \/><\/a><\/figure><div class=\"elementor-image-box-content\"><h3 class=\"elementor-image-box-title\"><a href=\"http:\/\/cameratamazovia.pl\/?p=982\">Rok 2009 - koncert \u015bwi\u0105teczny<\/a><\/h3><p class=\"elementor-image-box-description\">Publiczno\u015b\u0107 wype\u0142niona by\u0142a po brzegi. S\u0142uchacze ch\u0119tnie w\u0142\u0105czyli si\u0119 w wykonanie pi\u0119knych \u015bwi\u0105tecznych kol\u0119d.<\/p><\/div><\/div>\t\t\t\t<\/div>\n\t\t\t\t<\/div>\n\t\t\t\t\t<\/div>\n\t\t<\/div>\n\t\t\t\t\t<\/div>\n\t\t<\/section>\n\t\t\t\t<section class=\"elementor-section elementor-top-section elementor-element elementor-element-6b26c9f elementor-section-boxed elementor-section-height-default elementor-section-height-default\" data-id=\"6b26c9f\" data-element_type=\"section\" data-e-type=\"section\">\n\t\t\t\t\t\t<div class=\"elementor-container elementor-column-gap-default\">\n\t\t\t\t\t<div class=\"elementor-column elementor-col-100 elementor-top-column elementor-element elementor-element-d245d58\" data-id=\"d245d58\" data-element_type=\"column\" data-e-type=\"column\">\n\t\t\t<div class=\"elementor-widget-wrap elementor-element-populated\">\n\t\t\t\t\t\t<div class=\"elementor-element elementor-element-7ba5942 elementor-position-top elementor-widget elementor-widget-image-box\" data-id=\"7ba5942\" data-element_type=\"widget\" data-e-type=\"widget\" data-widget_type=\"image-box.default\">\n\t\t\t\t<div class=\"elementor-widget-container\">\n\t\t\t\t\t<div class=\"elementor-image-box-wrapper\"><figure class=\"elementor-image-box-img\"><a href=\"http:\/\/cameratamazovia.pl\/?p=985\" tabindex=\"-1\"><img loading=\"lazy\" decoding=\"async\" width=\"400\" height=\"300\" src=\"https:\/\/cameratamazovia.pl\/wp-content\/uploads\/2019\/08\/ZS_18_2010-400x300.jpg\" class=\"elementor-animation-bounce-in attachment-agama-blog-small size-agama-blog-small wp-image-984\" alt=\"\" \/><\/a><\/figure><div class=\"elementor-image-box-content\"><h3 class=\"elementor-image-box-title\"><a href=\"http:\/\/cameratamazovia.pl\/?p=985\">Rok 2010 - Sze\u015bcioletnia Camerata dla ko\u0144cz\u0105cego 5 lat Boryszewa<\/a><\/h3><p class=\"elementor-image-box-description\">Cameraty nie mog\u0142o zabrakn\u0105\u0107 na pi\u0119cioleciu dzia\u0142alno\u015bci o\u015brodka kultury w Boryszewie.<\/p><\/div><\/div>\t\t\t\t<\/div>\n\t\t\t\t<\/div>\n\t\t\t\t\t<\/div>\n\t\t<\/div>\n\t\t\t\t\t<\/div>\n\t\t<\/section>\n\t\t\t\t<section class=\"elementor-section elementor-top-section elementor-element elementor-element-49cf40d elementor-section-boxed elementor-section-height-default elementor-section-height-default\" data-id=\"49cf40d\" data-element_type=\"section\" data-e-type=\"section\">\n\t\t\t\t\t\t<div class=\"elementor-container elementor-column-gap-default\">\n\t\t\t\t\t<div class=\"elementor-column elementor-col-100 elementor-top-column elementor-element elementor-element-2b2cbeb\" data-id=\"2b2cbeb\" data-element_type=\"column\" data-e-type=\"column\">\n\t\t\t<div class=\"elementor-widget-wrap elementor-element-populated\">\n\t\t\t\t\t\t<div class=\"elementor-element elementor-element-8180946 elementor-position-top elementor-widget elementor-widget-image-box\" data-id=\"8180946\" data-element_type=\"widget\" data-e-type=\"widget\" data-widget_type=\"image-box.default\">\n\t\t\t\t<div class=\"elementor-widget-container\">\n\t\t\t\t\t<div class=\"elementor-image-box-wrapper\"><figure class=\"elementor-image-box-img\"><a href=\"http:\/\/cameratamazovia.pl\/?p=988\" tabindex=\"-1\"><img loading=\"lazy\" decoding=\"async\" width=\"400\" height=\"300\" src=\"https:\/\/cameratamazovia.pl\/wp-content\/uploads\/2019\/08\/ZS_50_2010-400x300.jpg\" class=\"elementor-animation-bounce-in attachment-agama-blog-small size-agama-blog-small wp-image-987\" alt=\"\" \/><\/a><\/figure><div class=\"elementor-image-box-content\"><h3 class=\"elementor-image-box-title\"><a href=\"http:\/\/cameratamazovia.pl\/?p=988\">Rok 2010 - zapowied\u017a koncertu<\/a><\/h3><p class=\"elementor-image-box-description\">Camerata Mazovia ma ju\u017c ugruntowan\u0105 pozycj\u0119. W Sochaczewie ka\u017cdy z kilu koncert\u00f3w w roku jest wyczekiwany i oblegany w dniu wykonania<\/p><\/div><\/div>\t\t\t\t<\/div>\n\t\t\t\t<\/div>\n\t\t\t\t\t<\/div>\n\t\t<\/div>\n\t\t\t\t\t<\/div>\n\t\t<\/section>\n\t\t\t\t<section class=\"elementor-section elementor-top-section elementor-element elementor-element-b5ad99b elementor-section-boxed elementor-section-height-default elementor-section-height-default\" data-id=\"b5ad99b\" data-element_type=\"section\" data-e-type=\"section\">\n\t\t\t\t\t\t<div class=\"elementor-container elementor-column-gap-default\">\n\t\t\t\t\t<div class=\"elementor-column elementor-col-100 elementor-top-column elementor-element elementor-element-d13ce89\" data-id=\"d13ce89\" data-element_type=\"column\" data-e-type=\"column\">\n\t\t\t<div class=\"elementor-widget-wrap elementor-element-populated\">\n\t\t\t\t\t\t<div class=\"elementor-element elementor-element-1a651a7 elementor-position-top elementor-widget elementor-widget-image-box\" data-id=\"1a651a7\" data-element_type=\"widget\" data-e-type=\"widget\" data-widget_type=\"image-box.default\">\n\t\t\t\t<div class=\"elementor-widget-container\">\n\t\t\t\t\t<div class=\"elementor-image-box-wrapper\"><figure class=\"elementor-image-box-img\"><a href=\"http:\/\/cameratamazovia.pl\/?p=991\" tabindex=\"-1\"><img loading=\"lazy\" decoding=\"async\" width=\"400\" height=\"300\" src=\"https:\/\/cameratamazovia.pl\/wp-content\/uploads\/2019\/08\/ZS_1_2011-400x300.jpg\" class=\"elementor-animation-bounce-in attachment-agama-blog-small size-agama-blog-small wp-image-990\" alt=\"\" \/><\/a><\/figure><div class=\"elementor-image-box-content\"><h3 class=\"elementor-image-box-title\"><a href=\"http:\/\/cameratamazovia.pl\/?p=991\">Rok 2010 - sukces koncertu bo\u017conarodzeniowego<\/a><\/h3><p class=\"elementor-image-box-description\">Nie brakuje ch\u0119tnych do wsp\u00f3lnego od\u015bpiewania kol\u0119d. Muzycy zn\u00f3w zachwycaj\u0105 wysokim poziomem wykona\u0144<\/p><\/div><\/div>\t\t\t\t<\/div>\n\t\t\t\t<\/div>\n\t\t\t\t\t<\/div>\n\t\t<\/div>\n\t\t\t\t\t<\/div>\n\t\t<\/section>\n\t\t\t\t<section class=\"elementor-section elementor-top-section elementor-element elementor-element-03b4535 elementor-section-boxed elementor-section-height-default elementor-section-height-default\" data-id=\"03b4535\" data-element_type=\"section\" data-e-type=\"section\">\n\t\t\t\t\t\t<div class=\"elementor-container elementor-column-gap-default\">\n\t\t\t\t\t<div class=\"elementor-column elementor-col-100 elementor-top-column elementor-element elementor-element-8b7d4ad\" data-id=\"8b7d4ad\" data-element_type=\"column\" data-e-type=\"column\">\n\t\t\t<div class=\"elementor-widget-wrap elementor-element-populated\">\n\t\t\t\t\t\t<div class=\"elementor-element elementor-element-6a3a99e elementor-position-top elementor-widget elementor-widget-image-box\" data-id=\"6a3a99e\" data-element_type=\"widget\" data-e-type=\"widget\" data-widget_type=\"image-box.default\">\n\t\t\t\t<div class=\"elementor-widget-container\">\n\t\t\t\t\t<div class=\"elementor-image-box-wrapper\"><figure class=\"elementor-image-box-img\"><a href=\"http:\/\/cameratamazovia.pl\/?p=994\" tabindex=\"-1\"><img loading=\"lazy\" decoding=\"async\" width=\"400\" height=\"300\" src=\"https:\/\/cameratamazovia.pl\/wp-content\/uploads\/2019\/08\/ZS_7_2011-400x300.jpg\" class=\"elementor-animation-bounce-in attachment-agama-blog-small size-agama-blog-small wp-image-993\" alt=\"\" \/><\/a><\/figure><div class=\"elementor-image-box-content\"><h3 class=\"elementor-image-box-title\"><a href=\"http:\/\/cameratamazovia.pl\/?p=994\">Rok 2011 - na widowni zaczyna brakowa\u0107 miejsc<\/a><\/h3><p class=\"elementor-image-box-description\">Orkiestra Kameralna Camerata Mazovia cieszy si\u0119 ju\u017c tak wielk\u0105 estym\u0105, \u017ce na jej koncertach niekt\u00f3rzy s\u0142uchacze musz\u0105 sta\u0107, a i tak nie rezygnuj\u0105 z udzia\u0142u<\/p><\/div><\/div>\t\t\t\t<\/div>\n\t\t\t\t<\/div>\n\t\t\t\t\t<\/div>\n\t\t<\/div>\n\t\t\t\t\t<\/div>\n\t\t<\/section>\n\t\t\t\t<section class=\"elementor-section elementor-top-section elementor-element elementor-element-ccc7eb7 elementor-section-boxed elementor-section-height-default elementor-section-height-default\" data-id=\"ccc7eb7\" data-element_type=\"section\" data-e-type=\"section\">\n\t\t\t\t\t\t<div class=\"elementor-container elementor-column-gap-default\">\n\t\t\t\t\t<div class=\"elementor-column elementor-col-100 elementor-top-column elementor-element elementor-element-d5e2dda\" data-id=\"d5e2dda\" data-element_type=\"column\" data-e-type=\"column\">\n\t\t\t<div class=\"elementor-widget-wrap elementor-element-populated\">\n\t\t\t\t\t\t<div class=\"elementor-element elementor-element-fbd5aeb elementor-position-top elementor-widget elementor-widget-image-box\" data-id=\"fbd5aeb\" data-element_type=\"widget\" data-e-type=\"widget\" data-widget_type=\"image-box.default\">\n\t\t\t\t<div class=\"elementor-widget-container\">\n\t\t\t\t\t<div class=\"elementor-image-box-wrapper\"><figure class=\"elementor-image-box-img\"><a href=\"https:\/\/cameratamazovia.pl\/?page_id=1181\" tabindex=\"-1\"><img loading=\"lazy\" decoding=\"async\" width=\"400\" height=\"300\" src=\"https:\/\/cameratamazovia.pl\/wp-content\/uploads\/2023\/06\/PCFZSO0613012-400x300.jpg\" class=\"elementor-animation-bounce-in attachment-agama-blog-small size-agama-blog-small wp-image-1180\" alt=\"\" \/><\/a><\/figure><div class=\"elementor-image-box-content\"><h3 class=\"elementor-image-box-title\"><a href=\"https:\/\/cameratamazovia.pl\/?page_id=1181\">Rok 2023 - Wielka Gala w amfiteatrze<\/a><\/h3><p class=\"elementor-image-box-description\">W tym roku orkiestra by\u0142a Gwiazd\u0105 Dni Sochaczewa i da\u0142a niezapomniany koncert. Taki opis znalaz\u0142 si\u0119 w dwutygodniku \"Ziemia Sochaczewska\"<\/p><\/div><\/div>\t\t\t\t<\/div>\n\t\t\t\t<\/div>\n\t\t\t\t\t<\/div>\n\t\t<\/div>\n\t\t\t\t\t<\/div>\n\t\t<\/section>\n\t\t\t\t<\/div>\n\t\t","protected":false},"excerpt":{"rendered":"<p>Rok 2004 &#8211; pierwsze wzmianki o Cameracie Artur Komorowski przej\u0105\u0142 dyrekcj\u0119 nad orkiestr\u0105 dzia\u0142aj\u0105c\u0105 przy klubie nauczyciela. Tak rozpocz\u0119\u0142a si\u0119 pi\u0119kna historia. Rok 2005 &#8211; Karnawa\u0142owo, noworocznie Ju\u017c w nast\u0119pnym roku Camerata Mazowia zacz\u0119\u0142a zbiera\u0107 ciep\u0142e recenzje. Rok 2005 &#8211; dla ZNP R\u00f3\u017cne instytucje zacz\u0119\u0142y zabiega\u0107, by wyst\u0119p Cameraty Mazovi u\u015bwietnia\u0142 organizowane przez nie uroczysto\u015bci. Rok 2006 &#8211; kolejny koncert&hellip;<\/p>\n","protected":false},"author":1,"featured_media":0,"parent":0,"menu_order":0,"comment_status":"closed","ping_status":"closed","template":"","meta":{"footnotes":""},"class_list":["post-937","page","type-page","status-publish","hentry"],"_links":{"self":[{"href":"https:\/\/cameratamazovia.pl\/index.php?rest_route=\/wp\/v2\/pages\/937","targetHints":{"allow":["GET"]}}],"collection":[{"href":"https:\/\/cameratamazovia.pl\/index.php?rest_route=\/wp\/v2\/pages"}],"about":[{"href":"https:\/\/cameratamazovia.pl\/index.php?rest_route=\/wp\/v2\/types\/page"}],"author":[{"embeddable":true,"href":"https:\/\/cameratamazovia.pl\/index.php?rest_route=\/wp\/v2\/users\/1"}],"replies":[{"embeddable":true,"href":"https:\/\/cameratamazovia.pl\/index.php?rest_route=%2Fwp%2Fv2%2Fcomments&post=937"}],"version-history":[{"count":10,"href":"https:\/\/cameratamazovia.pl\/index.php?rest_route=\/wp\/v2\/pages\/937\/revisions"}],"predecessor-version":[{"id":1189,"href":"https:\/\/cameratamazovia.pl\/index.php?rest_route=\/wp\/v2\/pages\/937\/revisions\/1189"}],"wp:attachment":[{"href":"https:\/\/cameratamazovia.pl\/index.php?rest_route=%2Fwp%2Fv2%2Fmedia&parent=937"}],"curies":[{"name":"wp","href":"https:\/\/api.w.org\/{rel}","templated":true}]}}